{"id":22000,"date":"2017-08-01T20:03:39","date_gmt":"2017-08-01T20:03:39","guid":{"rendered":"http:\/\/fotospace.pt\/foto-space-photography-studio-rental-and-workshops\/"},"modified":"2017-08-01T20:30:51","modified_gmt":"2017-08-01T20:30:51","slug":"foto-space-photography-studio-rental-and-workshops","status":"publish","type":"page","link":"https:\/\/www.fotospace.pt\/en\/foto-space-photography-studio-rental-and-workshops\/","title":{"rendered":"Foto Space &#8211; Photo studio rental and workshops"},"content":{"rendered":"<div     class=\"vc_row wpb_row section vc_row-fluid\" style='background-color:#ffffff; text-align:left;'><div class=\"full_section_inner clearfix\"><div class=\"wpb_column vc_column_container vc_col-sm-12\"><div class=\"vc_column-inner\"><div class=\"wpb_wrapper\"><div     class=\"vc_row wpb_row vc_inner section vc_row-fluid grid_section\" style=' padding-top:70px; padding-bottom:20px; text-align:left;'><div class=\"section_inner clearfix\"><div class='section_inner_margin clearfix'><div class=\"wpb_column vc_column_container vc_col-sm-8\"><div class=\"vc_column-inner\"><div class=\"wpb_wrapper\">\n\t<div class=\"wpb_text_column wpb_content_element\">\n\t\t<div class=\"wpb_wrapper\">\n\t\t\t<h3>Foto Space Services<\/h3>\n\n\t\t<\/div> \n\t<\/div> <div class=\"separator  transparent\" style=\"margin-top:5px;margin-bottom:50px\"><\/div>\n<div class='q_icon_with_title   with_custom_icon'><div class=\"icon_holder\" style=\"margin: 0 40px 10px 0; \"><div class=\"icon_holder_inner\"><img loading=\"lazy\" decoding=\"async\" width=\"72\" height=\"72\" src=\"https:\/\/www.fotospace.pt\/wp-content\/uploads\/2014\/06\/AEF.png\" class=\"attachment-full size-full\" alt=\"\" \/><\/div><\/div><div class=\"icon_text_holder\" style=\"\"><div class=\"icon_text_inner\" style=\"\"><h4 class=\"icon_title\" style=\"\">Aluguer de Est\u00fadio Fotogr\u00e1fico<\/h4><p style=''>O Foto Space proporciona a fot\u00f3grafos iniciantes e profissionais as condi\u00e7\u00f5es para realizarem as suas sess\u00f5es fotogr\u00e1ficas. O est\u00fadio, com 110 m2, disponibiliza a \u00e1rea de fotografia, uma sala de espera, WC, e sala de maquilhagem. No aluguer est\u00e1 inclu\u00eddo luzes e modeladores.<\/p><\/div><\/div><\/div><div class=\"separator  transparent\" style=\"margin-top:25px;margin-bottom:0px\"><\/div>\n<div class='q_icon_with_title   with_custom_icon'><div class=\"icon_holder\" style=\"margin: 0 40px 10px 0; \"><div class=\"icon_holder_inner\"><img loading=\"lazy\" decoding=\"async\" width=\"72\" height=\"72\" src=\"https:\/\/www.fotospace.pt\/wp-content\/uploads\/2014\/06\/wF.png\" class=\"attachment-full size-full\" alt=\"\" \/><\/div><\/div><div class=\"icon_text_holder\" style=\"\"><div class=\"icon_text_inner\" style=\"\"><h4 class=\"icon_title\" style=\"\">Workshops de fotografia<\/h4><p style=''>Disponibilizamos um leque amplo de workshops, destinado a fot\u00f3grafos que desejam aprofundar os seus conhecimentos, ou a amadores que desejam iniciar-se na fotografia. Os workshops s\u00e3o individuais, para que possa tirar o m\u00e1ximo partido de cada forma\u00e7\u00e3o.<\/p><\/div><\/div><\/div><div class=\"separator  transparent\" style=\"margin-top:25px;margin-bottom:0px\"><\/div>\n<div class='q_icon_with_title   with_custom_icon'><div class=\"icon_holder\" style=\"margin: 0 40px 10px 0; \"><div class=\"icon_holder_inner\"><img loading=\"lazy\" decoding=\"async\" width=\"72\" height=\"72\" src=\"https:\/\/www.fotospace.pt\/wp-content\/uploads\/2014\/06\/MVFT.png\" class=\"attachment-full size-full\" alt=\"\" \/><\/div><\/div><div class=\"icon_text_holder\" style=\"\"><div class=\"icon_text_inner\" style=\"\"><h4 class=\"icon_title\" style=\"\">Making-of em V\u00eddeo, Fotografia e timelapse<\/h4><p style=''>Oferecemos diferentes tipos de making-of das sess\u00f5es fotogr\u00e1ficas, para que possa divulgar o seu trabalho ou projeto em websites ou nas redes sociais. Realizamos making-of em v\u00eddeo, time-lapse ou reportagem fotogr\u00e1fica.<\/p><\/div><\/div><\/div><div class=\"separator  transparent\" style=\"margin-top:25px;margin-bottom:0px\"><\/div>\n<div class='q_icon_with_title   with_custom_icon'><div class=\"icon_holder\" style=\"margin: 0 40px 10px 0; \"><div class=\"icon_holder_inner\"><img loading=\"lazy\" decoding=\"async\" width=\"72\" height=\"72\" src=\"https:\/\/www.fotospace.pt\/wp-content\/uploads\/2014\/06\/AQF.png\" class=\"attachment-full size-full\" alt=\"\" \/><\/div><\/div><div class=\"icon_text_holder\" style=\"\"><div class=\"icon_text_inner\" style=\"\"><h4 class=\"icon_title\" style=\"\">Aluguer de equipamento fotogr\u00e1fico<\/h4><p style=''>Caso necessite, disponibilizamos camera fotogr\u00e1fica Nikon D300 12MP com lente Nikon 50mm f1.4 e trip\u00e9 fotogr\u00e1fico Manfrotto.<\/p><\/div><\/div><\/div><div class=\"separator  transparent\" style=\"margin-top:50px;margin-bottom:0px\"><\/div>\n<\/div><\/div><\/div><div class=\"wpb_column vc_column_container vc_col-sm-4\"><div class=\"vc_column-inner\"><div class=\"wpb_wrapper\">\n\t<div class=\"wpb_single_image wpb_content_element vc_align_right\">\n\t\t<div class=\"wpb_wrapper\">\n\t\t\t\n\t\t\t<div class=\"vc_single_image-wrapper   vc_box_border_grey\"><img loading=\"lazy\" decoding=\"async\" width=\"298\" height=\"500\" src=\"https:\/\/www.fotospace.pt\/wp-content\/uploads\/2014\/06\/Studio-Light.jpg\" class=\"vc_single_image-img attachment-full\" alt=\"\" srcset=\"https:\/\/www.fotospace.pt\/wp-content\/uploads\/2014\/06\/Studio-Light.jpg 298w, https:\/\/www.fotospace.pt\/wp-content\/uploads\/2014\/06\/Studio-Light-179x300.jpg 179w\" sizes=\"auto, (max-width: 298px) 100vw, 298px\" \/><\/div>\n\t\t<\/div>\n\t<\/div>\n<\/div><\/div><\/div><\/div><\/div><\/div><\/div><\/div><\/div><\/div><\/div><div     class=\"vc_row wpb_row section vc_row-fluid\" style=' text-align:left;'><div class=\"full_section_inner clearfix\"><div class=\"wpb_column vc_column_container vc_col-sm-12\"><div class=\"vc_column-inner\"><div class=\"wpb_wrapper\"><div class=\"call_to_action normal\" style=\"background-color: #e6ae48;\"><div class=\"container_inner\"><div class=\"two_columns_75_25 clearfix\"><div class=\"text_wrapper column1\"><div class=\"call_to_action_text\" style=\"\"><div class=\"custom_font_holder\" style=\"font-family: Crete Round; font-size: 22px; line-height: 26px; font-style: italic; font-weight: 400; color: #fff; text-decoration: none; letter-spacing: 0px; padding: 0; margin: 0; text-align: left;\"><span>Para fazer a sua marca\u00e7\u00e3o, basta preencher o formul\u00e1rio na p\u00e1gina de reservas.<\/span><\/div><\/div><\/div><div class=\"button_wrapper column2\"><a href=\"https:\/\/www.fotospace.pt\/en\/reservas\/\" class=\"qbutton\" target=\"_self\" style=\"color:#ffffff;border-color:#ffffff;background-color: #e6ae48;\" data-hover-background-color=\"#393939\"  data-hover-border-color=\"#393939\"  data-hover-color=\"#ffffff\">Reserva j\u00e1<\/a><\/div><\/div><\/div><\/div><\/div><\/div><\/div><\/div><\/div><div     class=\"vc_row wpb_row section vc_row-fluid\" style=' padding-top:20px; padding-bottom:20px; text-align:left;'><div class=\"full_section_inner clearfix\"><div class=\"wpb_column vc_column_container vc_col-sm-12\"><div class=\"vc_column-inner\"><div class=\"wpb_wrapper\"><div     class=\"vc_row wpb_row vc_inner section vc_row-fluid grid_section\" style=' padding-top:70px; text-align:left;'><div class=\"section_inner clearfix\"><div class='section_inner_margin clearfix'><div class=\"wpb_column vc_column_container vc_col-sm-12\"><div class=\"vc_column-inner\"><div class=\"wpb_wrapper\"><div class='testimonials_holder clearfix dark grouped'><div class=\"testimonials testimonials_carousel\" data-show-navigation=\"yes\" data-animation-type=\"fade\" data-animation-speed=\"\" data-auto-rotate-slides=\"3\"><ul class=\"slides\"><li id=\"testimonials17953\" class=\"testimonial_content\"><div class=\"testimonial_content_grouped_item\"><div class=\"testimonial_content_inner\"><div class=\"testimonial_text_holder center_align\"><div class=\"testimonial_text_inner\"><div class=\"testimonial_image_holder\"><img loading=\"lazy\" decoding=\"async\" width=\"124\" height=\"124\" src=\"https:\/\/www.fotospace.pt\/wp-content\/uploads\/2016\/05\/PLT.png\" class=\"attachment-post-thumbnail size-post-thumbnail wp-post-image\" alt=\"\" srcset=\"https:\/\/www.fotospace.pt\/wp-content\/uploads\/2016\/05\/PLT.png 124w, https:\/\/www.fotospace.pt\/wp-content\/uploads\/2016\/05\/PLT-100x100.png 100w\" sizes=\"auto, (max-width: 124px) 100vw, 124px\" \/><\/div><p style='font-size:14px;color:#666666;'>No Foto Space encontrei boas condi\u00e7\u00f5es para criar e receber os meus clientes, equipamento adequado e apoio permanente com um custo equilibrado. Raz\u00f5es suficientes pra voltar.<\/p><p class=\"testimonial_author\" style=\"color: #363636;\">- Pedro Lu\u00eds<span class=\"testimonial_author_job\">Fot\u00f3grafo<\/span><\/p><\/div><\/div><\/div><\/div><div class=\"testimonial_content_grouped_item\"><div class=\"testimonial_content_inner\"><div class=\"testimonial_text_holder center_align\"><div class=\"testimonial_text_inner\"><div class=\"testimonial_image_holder\"><img loading=\"lazy\" decoding=\"async\" width=\"124\" height=\"124\" src=\"https:\/\/www.fotospace.pt\/wp-content\/uploads\/2015\/05\/MLS.png\" class=\"attachment-post-thumbnail size-post-thumbnail wp-post-image\" alt=\"\" srcset=\"https:\/\/www.fotospace.pt\/wp-content\/uploads\/2015\/05\/MLS.png 124w, https:\/\/www.fotospace.pt\/wp-content\/uploads\/2015\/05\/MLS-100x100.png 100w\" sizes=\"auto, (max-width: 124px) 100vw, 124px\" \/><\/div><p style='font-size:14px;color:#666666;'>Boas instala\u00e7\u00f5es, boa rela\u00e7\u00e3o qualidade\/pre\u00e7o, staff simp\u00e1tico e acolhedor. Material de qualidade. Foi uma boa experi\u00eancia.<\/p><p class=\"testimonial_author\" style=\"color: #363636;\">- Miguel Lobo Silva<span class=\"testimonial_author_job\">Fot\u00f3grafo<\/span><\/p><\/div><\/div><\/div><\/div><div class=\"testimonial_content_grouped_item\"><div class=\"testimonial_content_inner\"><div class=\"testimonial_text_holder center_align\"><div class=\"testimonial_text_inner\"><div class=\"testimonial_image_holder\"><img loading=\"lazy\" decoding=\"async\" width=\"124\" height=\"124\" src=\"https:\/\/www.fotospace.pt\/wp-content\/uploads\/2015\/05\/DRT.png\" class=\"attachment-post-thumbnail size-post-thumbnail wp-post-image\" alt=\"\" srcset=\"https:\/\/www.fotospace.pt\/wp-content\/uploads\/2015\/05\/DRT.png 124w, https:\/\/www.fotospace.pt\/wp-content\/uploads\/2015\/05\/DRT-100x100.png 100w\" sizes=\"auto, (max-width: 124px) 100vw, 124px\" \/><\/div><p style='font-size:14px;color:#666666;'>Espa\u00e7o bom bom pre\u00e7o no centro de Lisboa!\r\nCinco estrelas.<\/p><p class=\"testimonial_author\" style=\"color: #363636;\">- Diogo Rapazote<span class=\"testimonial_author_job\">Fot\u00f3grafo<\/span><\/p><\/div><\/div><\/div><\/div><\/li><\/ul><\/div><\/div><\/div><\/div><\/div><\/div><\/div><\/div><\/div><\/div><\/div><\/div><\/div>","protected":false},"excerpt":{"rendered":"","protected":false},"author":1997,"featured_media":0,"parent":0,"menu_order":0,"comment_status":"open","ping_status":"open","template":"full_width.php","meta":{"_exactmetrics_skip_tracking":false,"_exactmetrics_sitenote_active":false,"_exactmetrics_sitenote_note":"","_exactmetrics_sitenote_category":0,"footnotes":""},"class_list":["post-22000","page","type-page","status-publish","hentry"],"yoast_head":"<!-- This site is optimized with the Yoast SEO plugin v27.5 - https:\/\/yoast.com\/product\/yoast-seo-wordpress\/ -->\n<title>Foto Space - Photography studio rental and workshops<\/title>\n<meta name=\"description\" content=\"Foto Space - Photography studio rental and workshops - Located in the center of Lisbon - Photographic studio rent - Photography workshops\" \/>\n<meta name=\"robots\" content=\"index, follow, max-snippet:-1, max-image-preview:large, max-video-preview:-1\" \/>\n<link rel=\"canonical\" href=\"https:\/\/www.fotospace.pt\/en\/eng\/foto-space-photography-studio-rental-and-workshops\/\" \/>\n<meta property=\"og:locale\" content=\"en_GB\" \/>\n<meta property=\"og:type\" content=\"article\" \/>\n<meta property=\"og:title\" content=\"Foto Space - Photography studio rental and workshops\" \/>\n<meta property=\"og:description\" content=\"Foto Space - Photography studio rental and workshops - Located in the center of Lisbon - Photographic studio rent - Photography workshops\" \/>\n<meta property=\"og:url\" content=\"https:\/\/www.fotospace.pt\/en\/eng\/foto-space-photography-studio-rental-and-workshops\/\" \/>\n<meta property=\"og:site_name\" content=\"Foto Space\" \/>\n<meta property=\"article:publisher\" content=\"https:\/\/www.facebook.com\/fotospace\/\" \/>\n<meta property=\"article:modified_time\" content=\"2017-08-01T20:30:51+00:00\" \/>\n<meta name=\"twitter:card\" content=\"summary_large_image\" \/>\n<meta name=\"twitter:label1\" content=\"Estimated reading time\" \/>\n\t<meta name=\"twitter:data1\" content=\"3 minutes\" \/>\n<script type=\"application\/ld+json\" class=\"yoast-schema-graph\">{\"@context\":\"https:\\\/\\\/schema.org\",\"@graph\":[{\"@type\":\"WebPage\",\"@id\":\"https:\\\/\\\/www.fotospace.pt\\\/eng\\\/foto-space-photography-studio-rental-and-workshops\\\/\",\"url\":\"https:\\\/\\\/www.fotospace.pt\\\/eng\\\/foto-space-photography-studio-rental-and-workshops\\\/\",\"name\":\"Foto Space - Photography studio rental and workshops\",\"isPartOf\":{\"@id\":\"https:\\\/\\\/www.fotospace.pt\\\/eng\\\/#website\"},\"datePublished\":\"2017-08-01T20:03:39+00:00\",\"dateModified\":\"2017-08-01T20:30:51+00:00\",\"description\":\"Foto Space - Photography studio rental and workshops - Located in the center of Lisbon - Photographic studio rent - Photography workshops\",\"breadcrumb\":{\"@id\":\"https:\\\/\\\/www.fotospace.pt\\\/eng\\\/foto-space-photography-studio-rental-and-workshops\\\/#breadcrumb\"},\"inLanguage\":\"en-GB\",\"potentialAction\":[{\"@type\":\"ReadAction\",\"target\":[\"https:\\\/\\\/www.fotospace.pt\\\/eng\\\/foto-space-photography-studio-rental-and-workshops\\\/\"]}]},{\"@type\":\"BreadcrumbList\",\"@id\":\"https:\\\/\\\/www.fotospace.pt\\\/eng\\\/foto-space-photography-studio-rental-and-workshops\\\/#breadcrumb\",\"itemListElement\":[{\"@type\":\"ListItem\",\"position\":1,\"name\":\"Home\",\"item\":\"https:\\\/\\\/www.fotospace.pt\\\/\"},{\"@type\":\"ListItem\",\"position\":2,\"name\":\"Foto Space &#8211; Photo studio rental and workshops\"}]},{\"@type\":\"WebSite\",\"@id\":\"https:\\\/\\\/www.fotospace.pt\\\/eng\\\/#website\",\"url\":\"https:\\\/\\\/www.fotospace.pt\\\/eng\\\/\",\"name\":\"Foto Space\",\"description\":\"Aluguer de est\u00fadio fotogr\u00e1fico e workshops em Lisboa\",\"potentialAction\":[{\"@type\":\"SearchAction\",\"target\":{\"@type\":\"EntryPoint\",\"urlTemplate\":\"https:\\\/\\\/www.fotospace.pt\\\/eng\\\/?s={search_term_string}\"},\"query-input\":{\"@type\":\"PropertyValueSpecification\",\"valueRequired\":true,\"valueName\":\"search_term_string\"}}],\"inLanguage\":\"en-GB\"}]}<\/script>\n<!-- \/ Yoast SEO plugin. -->","yoast_head_json":{"title":"Foto Space - Photography studio rental and workshops","description":"Foto Space - Photography studio rental and workshops - Located in the center of Lisbon - Photographic studio rent - Photography workshops","robots":{"index":"index","follow":"follow","max-snippet":"max-snippet:-1","max-image-preview":"max-image-preview:large","max-video-preview":"max-video-preview:-1"},"canonical":"https:\/\/www.fotospace.pt\/en\/eng\/foto-space-photography-studio-rental-and-workshops\/","og_locale":"en_GB","og_type":"article","og_title":"Foto Space - Photography studio rental and workshops","og_description":"Foto Space - Photography studio rental and workshops - Located in the center of Lisbon - Photographic studio rent - Photography workshops","og_url":"https:\/\/www.fotospace.pt\/en\/eng\/foto-space-photography-studio-rental-and-workshops\/","og_site_name":"Foto Space","article_publisher":"https:\/\/www.facebook.com\/fotospace\/","article_modified_time":"2017-08-01T20:30:51+00:00","twitter_card":"summary_large_image","twitter_misc":{"Estimated reading time":"3 minutes"},"schema":{"@context":"https:\/\/schema.org","@graph":[{"@type":"WebPage","@id":"https:\/\/www.fotospace.pt\/eng\/foto-space-photography-studio-rental-and-workshops\/","url":"https:\/\/www.fotospace.pt\/eng\/foto-space-photography-studio-rental-and-workshops\/","name":"Foto Space - Photography studio rental and workshops","isPartOf":{"@id":"https:\/\/www.fotospace.pt\/eng\/#website"},"datePublished":"2017-08-01T20:03:39+00:00","dateModified":"2017-08-01T20:30:51+00:00","description":"Foto Space - Photography studio rental and workshops - Located in the center of Lisbon - Photographic studio rent - Photography workshops","breadcrumb":{"@id":"https:\/\/www.fotospace.pt\/eng\/foto-space-photography-studio-rental-and-workshops\/#breadcrumb"},"inLanguage":"en-GB","potentialAction":[{"@type":"ReadAction","target":["https:\/\/www.fotospace.pt\/eng\/foto-space-photography-studio-rental-and-workshops\/"]}]},{"@type":"BreadcrumbList","@id":"https:\/\/www.fotospace.pt\/eng\/foto-space-photography-studio-rental-and-workshops\/#breadcrumb","itemListElement":[{"@type":"ListItem","position":1,"name":"Home","item":"https:\/\/www.fotospace.pt\/"},{"@type":"ListItem","position":2,"name":"Foto Space &#8211; Photo studio rental and workshops"}]},{"@type":"WebSite","@id":"https:\/\/www.fotospace.pt\/eng\/#website","url":"https:\/\/www.fotospace.pt\/eng\/","name":"Foto Space","description":"Aluguer de est\u00fadio fotogr\u00e1fico e workshops em Lisboa","potentialAction":[{"@type":"SearchAction","target":{"@type":"EntryPoint","urlTemplate":"https:\/\/www.fotospace.pt\/eng\/?s={search_term_string}"},"query-input":{"@type":"PropertyValueSpecification","valueRequired":true,"valueName":"search_term_string"}}],"inLanguage":"en-GB"}]}},"_links":{"self":[{"href":"https:\/\/www.fotospace.pt\/en\/wp-json\/wp\/v2\/pages\/22000","targetHints":{"allow":["GET"]}}],"collection":[{"href":"https:\/\/www.fotospace.pt\/en\/wp-json\/wp\/v2\/pages"}],"about":[{"href":"https:\/\/www.fotospace.pt\/en\/wp-json\/wp\/v2\/types\/page"}],"author":[{"embeddable":true,"href":"https:\/\/www.fotospace.pt\/en\/wp-json\/wp\/v2\/users\/1997"}],"replies":[{"embeddable":true,"href":"https:\/\/www.fotospace.pt\/en\/wp-json\/wp\/v2\/comments?post=22000"}],"version-history":[{"count":4,"href":"https:\/\/www.fotospace.pt\/en\/wp-json\/wp\/v2\/pages\/22000\/revisions"}],"predecessor-version":[{"id":22021,"href":"https:\/\/www.fotospace.pt\/en\/wp-json\/wp\/v2\/pages\/22000\/revisions\/22021"}],"wp:attachment":[{"href":"https:\/\/www.fotospace.pt\/en\/wp-json\/wp\/v2\/media?parent=22000"}],"curies":[{"name":"wp","href":"https:\/\/api.w.org\/{rel}","templated":true}]}}